
{"id":390,"date":"2018-09-17T21:12:10","date_gmt":"2018-09-17T21:12:10","guid":{"rendered":"https:\/\/www.cegazelles.net\/?page_id=390"},"modified":"2021-12-29T08:28:21","modified_gmt":"2021-12-29T07:28:21","slug":"ecole-secondaire","status":"publish","type":"page","link":"https:\/\/www.cegazelles.net\/?page_id=390","title":{"rendered":"Ecole Secondaire"},"content":{"rendered":"<p>Apr\u00e8s six ans de l\u2019\u00e9cole\u00a0primaire, l\u2019\u00e9l\u00e8ve qui entre au secondaire a 13 ans. Il va passer deux ans de tronc commun (le secondaire g\u00e9n\u00e9ral), o\u00f9 il acquiert des connaissances suppl\u00e9mentaires tant sur le plan scientifique, que sur le plan du raisonnement.<\/p>\n<p>Le rythme de travail \u00e0 l\u2019\u00e9cole secondaire est imposant ; chaque jour, du lundi au vendredi, six cours de cinquante minutes, de 7h25 \u00e0 13h00, avec une pause de 30 minutes \u00e0 10h00. Les cours sont dispens\u00e9s par diff\u00e9rents enseignants, suivant leur qualification.<\/p>\n<p>L\u2019\u00e9cole secondaire des Gazelles pr\u00e9sente une particularit\u00e9 : les travaux manuels, cours n\u00e9glig\u00e9 ailleurs, trouvent une bonne place ; l\u2019annexion de certains cours au programme. Les \u00e9l\u00e8ves ont ainsi l\u2019avantage\u00a0d\u2019apprendre la musique\u00a0et l\u2019informatique. Une fois par mois, ils visitent le mus\u00e9e et, \u00e0 chaque fois qu\u2019impose l\u2019activit\u00e9, font des sorties \u00e9ducatives.<\/p>\n<table style=\"height: 66px;\" width=\"578\">\n<tbody>\n<tr>\n<td><strong>7e CTEB<\/strong><br \/>Jean-Baptiste KIYANZE<\/td>\n<td><strong>8e CTEB<\/strong><br \/>Jean-Willy NKOSEKELA<\/td>\n<\/tr>\n<\/tbody>\n<\/table>\n<p>\u00a0<\/p>\n\n\n<figure class=\"wp-block-image size-large\"><img loading=\"lazy\" decoding=\"async\" width=\"832\" height=\"600\" src=\"https:\/\/www.cegazelles.net\/wp-content\/uploads\/2021\/12\/7CTEB-832x600.jpg\" alt=\"\" class=\"wp-image-2489\" srcset=\"https:\/\/www.cegazelles.net\/wp-content\/uploads\/2021\/12\/7CTEB-832x600.jpg 832w, https:\/\/www.cegazelles.net\/wp-content\/uploads\/2021\/12\/7CTEB-300x216.jpg 300w, https:\/\/www.cegazelles.net\/wp-content\/uploads\/2021\/12\/7CTEB-768x554.jpg 768w, https:\/\/www.cegazelles.net\/wp-content\/uploads\/2021\/12\/7CTEB-1536x1108.jpg 1536w, https:\/\/www.cegazelles.net\/wp-content\/uploads\/2021\/12\/7CTEB-2048x1477.jpg 2048w, https:\/\/www.cegazelles.net\/wp-content\/uploads\/2021\/12\/7CTEB-360x260.jpg 360w\" sizes=\"auto, (max-width: 832px) 100vw, 832px\" \/><\/figure>\n\n\n\n<figure class=\"wp-block-image size-large\"><img loading=\"lazy\" decoding=\"async\" width=\"832\" height=\"600\" src=\"https:\/\/www.cegazelles.net\/wp-content\/uploads\/2021\/12\/8CTEB-e-832x600.jpg\" alt=\"\" class=\"wp-image-2488\" srcset=\"https:\/\/www.cegazelles.net\/wp-content\/uploads\/2021\/12\/8CTEB-e-832x600.jpg 832w, https:\/\/www.cegazelles.net\/wp-content\/uploads\/2021\/12\/8CTEB-e-300x216.jpg 300w, https:\/\/www.cegazelles.net\/wp-content\/uploads\/2021\/12\/8CTEB-e-768x554.jpg 768w, https:\/\/www.cegazelles.net\/wp-content\/uploads\/2021\/12\/8CTEB-e-1536x1108.jpg 1536w, https:\/\/www.cegazelles.net\/wp-content\/uploads\/2021\/12\/8CTEB-e-2048x1477.jpg 2048w, https:\/\/www.cegazelles.net\/wp-content\/uploads\/2021\/12\/8CTEB-e-360x260.jpg 360w\" sizes=\"auto, (max-width: 832px) 100vw, 832px\" \/><\/figure>\n\n\n\n<p>Apr\u00e8s deux ans pass\u00e9s au secondaire g\u00e9n\u00e9ral, les \u00e9l\u00e8ves passent 4 ann\u00e9es de&nbsp;cycle de sp\u00e9cialisation pour se pr\u00e9parer \u00e0 un m\u00e9tier (enseignant, couturier), ou \u00e0 des \u00e9tudes sup\u00e9rieures. Aux Gazelles, le&nbsp;secondaire&nbsp;pr\u00e9pare aux m\u00e9tiers. Chaque \u00e9l\u00e8ve peut choisir entre&nbsp;les sections:<\/p>\n\n\n\n<ul class=\"wp-block-list\"><li>&nbsp;<strong><u><a href=\"https:\/\/www.cegazelles.net\/?page_id=392\">Humanit\u00e9s p\u00e9dagogiques<\/a><\/u><\/strong><\/li><li><strong><u><a href=\"https:\/\/www.cegazelles.net\/?page_id=393\">Technique coupe et couture<\/a><\/u><\/strong>.<\/li><\/ul>\n","protected":false},"excerpt":{"rendered":"<p>Apr\u00e8s six ans de l\u2019\u00e9cole\u00a0primaire, l\u2019\u00e9l\u00e8ve qui entre au secondaire a 13 ans. Il va passer deux ans de tronc commun (le secondaire g\u00e9n\u00e9ral), o\u00f9 il acquiert des connaissances suppl\u00e9mentaires tant sur le plan scientifique, que sur le plan du&hellip;&nbsp;<a href=\"https:\/\/www.cegazelles.net\/?page_id=390\" class=\"more-link\">Lire la suite<\/a><\/p>\n","protected":false},"author":7,"featured_media":472,"parent":0,"menu_order":0,"comment_status":"closed","ping_status":"closed","template":"","meta":{"url":"","client":"","location":"","start_date":"","end_date":"","footnotes":""},"class_list":["post-390","page","type-page","status-publish","has-post-thumbnail","hentry"],"_links":{"self":[{"href":"https:\/\/www.cegazelles.net\/index.php?rest_route=\/wp\/v2\/pages\/390","targetHints":{"allow":["GET"]}}],"collection":[{"href":"https:\/\/www.cegazelles.net\/index.php?rest_route=\/wp\/v2\/pages"}],"about":[{"href":"https:\/\/www.cegazelles.net\/index.php?rest_route=\/wp\/v2\/types\/page"}],"author":[{"embeddable":true,"href":"https:\/\/www.cegazelles.net\/index.php?rest_route=\/wp\/v2\/users\/7"}],"replies":[{"embeddable":true,"href":"https:\/\/www.cegazelles.net\/index.php?rest_route=%2Fwp%2Fv2%2Fcomments&post=390"}],"version-history":[{"count":10,"href":"https:\/\/www.cegazelles.net\/index.php?rest_route=\/wp\/v2\/pages\/390\/revisions"}],"predecessor-version":[{"id":2490,"href":"https:\/\/www.cegazelles.net\/index.php?rest_route=\/wp\/v2\/pages\/390\/revisions\/2490"}],"wp:featuredmedia":[{"embeddable":true,"href":"https:\/\/www.cegazelles.net\/index.php?rest_route=\/wp\/v2\/media\/472"}],"wp:attachment":[{"href":"https:\/\/www.cegazelles.net\/index.php?rest_route=%2Fwp%2Fv2%2Fmedia&parent=390"}],"curies":[{"name":"wp","href":"https:\/\/api.w.org\/{rel}","templated":true}]}}